{"id":75,"date":"2016-12-03T14:24:17","date_gmt":"2016-12-03T13:24:17","guid":{"rendered":"http:\/\/www.czuns.org\/site\/?page_id=75"},"modified":"2025-09-16T15:08:46","modified_gmt":"2025-09-16T13:08:46","slug":"medunarodna-dokumenta","status":"publish","type":"page","link":"https:\/\/www.czuns.org\/en\/medunarodna-dokumenta\/","title":{"rendered":"International documents"},"content":{"rendered":"<p><\/p>\n<div class=\"adress-container\">\n<div class=\"adress-image\"><a href=\"http:\/\/www.czuns.org\/wp-content\/uploads\/2016\/12\/01_Konvencija_UN_o_pravima_OSI_engl.doc\" target=\"_blank\" rel=\"noopener\"><img loading=\"lazy\" decoding=\"async\" class=\"size-full wp-image-42 alignright\" src=\"http:\/\/www.czuns.org\/wp-content\/uploads\/2016\/12\/word-document.png\" alt=\"word document\" width=\"30\" height=\"30\" \/><\/a><a href=\"http:\/\/www.czuns.org\/wp-content\/uploads\/2016\/12\/01_Konvencija_UN_o_pravima_OSI_engl.pdf\" target=\"_blank\" rel=\"noopener\"><img loading=\"lazy\" decoding=\"async\" class=\"size-full wp-image-41 alignright\" src=\"http:\/\/www.czuns.org\/wp-content\/uploads\/2016\/12\/pdf-document.png\" alt=\"pdf document\" width=\"30\" height=\"30\" \/><\/a><\/div>\n<div class=\"adress-container-text\">Convention on the Rights of Persons with Disabilities <\/div>\n<\/div>\n<div class=\"adress-container\">\n<div class=\"adress-image\"><a href=\"http:\/\/www.czuns.org\/wp-content\/uploads\/2016\/12\/02c_EIDD_Stockholm_Declaration_english.doc\" target=\"_blank\" rel=\"noopener\"><img loading=\"lazy\" decoding=\"async\" class=\"size-full wp-image-42 alignright\" src=\"http:\/\/www.czuns.org\/wp-content\/uploads\/2016\/12\/word-document.png\" alt=\"word document\" width=\"30\" height=\"30\" \/><\/a><a href=\"http:\/\/www.czuns.org\/wp-content\/uploads\/2016\/12\/02b_EIDD_Stockholm_Declaration_engl.pdf\" target=\"_blank\" rel=\"noopener\"><img loading=\"lazy\" decoding=\"async\" class=\"size-full wp-image-41 alignright\" src=\"http:\/\/www.czuns.org\/wp-content\/uploads\/2016\/12\/pdf-document.png\" alt=\"pdf document\" width=\"30\" height=\"30\" \/><\/a><\/div>\n<div class=\"adress-container-text\">The EIDD Stockholm Declaration\u00a9<\/div>\n<\/div>\n<div class=\"adress-container\">\n<div class=\"adress-image\"><a href=\"http:\/\/www.czuns.org\/wp-content\/uploads\/2016\/12\/02c_EIDD_Stockholm_Declaration_english.doc\" target=\"_blank\" rel=\"noopener\"><img loading=\"lazy\" decoding=\"async\" class=\"size-full wp-image-42 alignright\" src=\"http:\/\/www.czuns.org\/wp-content\/uploads\/2016\/12\/word-document.png\" alt=\"word document\" width=\"30\" height=\"30\" \/><\/a><a href=\"http:\/\/www.czuns.org\/wp-content\/uploads\/2016\/12\/03a_Resolution_ResAP_2007_3_engl.pdf\" target=\"_blank\" rel=\"noopener\"><img loading=\"lazy\" decoding=\"async\" class=\"size-full wp-image-41 alignright\" src=\"http:\/\/www.czuns.org\/wp-content\/uploads\/2016\/12\/pdf-document.png\" alt=\"pdf document\" width=\"30\" height=\"30\" \/><\/a><\/div>\n<div class=\"adress-container-text\">Resolution ResAP(2007)3 \u201cAchieving full participation through Universal Design\u201d <\/div>\n<\/div>\n<div class=\"adress-container\">\n<div class=\"adress-image\"><a href=\"http:\/\/www.czuns.org\/wp-content\/uploads\/2016\/12\/06_EDF_vodic_za_javne_nabavke_engl.doc\" target=\"_blank\" rel=\"noopener\"><img loading=\"lazy\" decoding=\"async\" class=\"size-full wp-image-42 alignright\" src=\"http:\/\/www.czuns.org\/wp-content\/uploads\/2016\/12\/word-document.png\" alt=\"word document\" width=\"30\" height=\"30\" \/><\/a><a href=\"http:\/\/www.czuns.org\/wp-content\/uploads\/2016\/12\/06_EDF_vodic_za_javne_nabavke_engl.pdf\" target=\"_blank\" rel=\"noopener\"><img loading=\"lazy\" decoding=\"async\" class=\"size-full wp-image-41 alignright\" src=\"http:\/\/www.czuns.org\/wp-content\/uploads\/2016\/12\/pdf-document.png\" alt=\"pdf document\" width=\"30\" height=\"30\" \/><\/a><\/div>\n<div class=\"adress-container-text\">Edf guidance paper on the implementation of eu public procurement directives <\/div>\n<\/div>\n<p><\/p>","protected":false},"excerpt":{"rendered":"<p>Convention on the Rights of Persons with Disabilities The EIDD Stockholm Declaration\u00a9 Resolution ResAP(2007)3 \u201cAchieving full participation through Universal Design\u201d Edf guidance paper on the implementation of eu public procurement directives <a class=\"continue-reading-link\" href=\"https:\/\/www.czuns.org\/en\/medunarodna-dokumenta\/\">Ceo \u010dlanak<\/a><\/p>\n","protected":false},"author":1314,"featured_media":0,"parent":0,"menu_order":0,"comment_status":"closed","ping_status":"closed","template":"","meta":{"_eb_attr":"","_crdt_document":"","footnotes":"","_links_to":"","_links_to_target":""},"categories":[116],"tags":[],"class_list":["post-75","page","type-page","status-publish","hentry","category-edukativni-kutak"],"yoast_head":"\n<title>International documents - Centre LIVING UPRIGHT Novi Sad<\/title>\n<meta name=\"robots\" content=\"index, follow, max-snippet:-1, max-image-preview:large, max-video-preview:-1\" \/>\n<link rel=\"canonical\" href=\"https:\/\/www.czuns.org\/medunarodna-dokumenta\/\" \/>\n<meta property=\"og:locale\" content=\"en_US\" \/>\n<meta property=\"og:type\" content=\"article\" \/>\n<meta property=\"og:title\" content=\"[:rs]Me\u0111unarodna dokumenta[:en]International documents[:sr]\u041c\u0435\u0452\u0443\u043d\u0430\u0440\u043e\u0434\u043d\u0430 \u0434\u043e\u043a\u0443\u043c\u0435\u043d\u0442\u0430[:] - Centre LIVING UPRIGHT Novi Sad\" \/>\n<meta property=\"og:description\" content=\"Convention on the Rights of Persons with Disabilities The EIDD Stockholm Declaration\u00a9 Resolution ResAP(2007)3 \u201cAchieving full participation through Universal Design\u201d Edf guidance paper on the implementation of eu public procurement directives Ceo \u010dlanak\" \/>\n<meta property=\"og:url\" content=\"https:\/\/www.czuns.org\/medunarodna-dokumenta\/\" \/>\n<meta property=\"og:site_name\" content=\"Centre LIVING UPRIGHT Novi Sad\" \/>\n<meta property=\"article:publisher\" content=\"https:\/\/www.facebook.com\/profile.php?id=100064645570972\" \/>\n<meta property=\"article:modified_time\" content=\"2025-09-16T13:08:46+00:00\" \/>\n<meta property=\"og:image\" content=\"https:\/\/www.czuns.org\/wp-content\/uploads\/2016\/12\/word-document.png\" \/>\n\t<meta property=\"og:image:width\" content=\"30\" \/>\n\t<meta property=\"og:image:height\" content=\"30\" \/>\n\t<meta property=\"og:image:type\" content=\"image\/png\" \/>\n<meta name=\"twitter:card\" content=\"summary_large_image\" \/>\n<meta name=\"twitter:site\" content=\"@uspravno\" \/>\n<meta name=\"twitter:label1\" content=\"Est. reading time\" \/>\n\t<meta name=\"twitter:data1\" content=\"4 minutes\" \/>\n<script type=\"application\/ld+json\" class=\"yoast-schema-graph\">{\"@context\":\"https:\\\/\\\/schema.org\",\"@graph\":[{\"@type\":\"Article\",\"@id\":\"https:\\\/\\\/www.czuns.org\\\/medunarodna-dokumenta\\\/#article\",\"isPartOf\":{\"@id\":\"https:\\\/\\\/www.czuns.org\\\/medunarodna-dokumenta\\\/\"},\"author\":{\"name\":\"tatasajta\",\"@id\":\"https:\\\/\\\/www.czuns.org\\\/#\\\/schema\\\/person\\\/9a3e8e6f0bb0b4122d0a6181b3f52add\"},\"headline\":\"International documents\",\"datePublished\":\"2016-12-03T13:24:17+00:00\",\"dateModified\":\"2025-09-16T13:08:46+00:00\",\"mainEntityOfPage\":{\"@id\":\"https:\\\/\\\/www.czuns.org\\\/medunarodna-dokumenta\\\/\"},\"wordCount\":142,\"publisher\":{\"@id\":\"https:\\\/\\\/www.czuns.org\\\/#organization\"},\"image\":{\"@id\":\"https:\\\/\\\/www.czuns.org\\\/medunarodna-dokumenta\\\/#primaryimage\"},\"thumbnailUrl\":\"http:\\\/\\\/www.czuns.org\\\/wp-content\\\/uploads\\\/2016\\\/12\\\/word-document.png\",\"articleSection\":[\"Edukacija\"],\"inLanguage\":\"en-US\"},{\"@type\":\"WebPage\",\"@id\":\"https:\\\/\\\/www.czuns.org\\\/medunarodna-dokumenta\\\/\",\"url\":\"https:\\\/\\\/www.czuns.org\\\/medunarodna-dokumenta\\\/\",\"name\":\"[:rs]Me\u0111unarodna dokumenta[:en]International documents[:sr]\u041c\u0435\u0452\u0443\u043d\u0430\u0440\u043e\u0434\u043d\u0430 \u0434\u043e\u043a\u0443\u043c\u0435\u043d\u0442\u0430[:] - Centre LIVING UPRIGHT Novi Sad\",\"isPartOf\":{\"@id\":\"https:\\\/\\\/www.czuns.org\\\/#website\"},\"primaryImageOfPage\":{\"@id\":\"https:\\\/\\\/www.czuns.org\\\/medunarodna-dokumenta\\\/#primaryimage\"},\"image\":{\"@id\":\"https:\\\/\\\/www.czuns.org\\\/medunarodna-dokumenta\\\/#primaryimage\"},\"thumbnailUrl\":\"http:\\\/\\\/www.czuns.org\\\/wp-content\\\/uploads\\\/2016\\\/12\\\/word-document.png\",\"datePublished\":\"2016-12-03T13:24:17+00:00\",\"dateModified\":\"2025-09-16T13:08:46+00:00\",\"breadcrumb\":{\"@id\":\"https:\\\/\\\/www.czuns.org\\\/medunarodna-dokumenta\\\/#breadcrumb\"},\"inLanguage\":\"en-US\",\"potentialAction\":[{\"@type\":\"ReadAction\",\"target\":[\"https:\\\/\\\/www.czuns.org\\\/medunarodna-dokumenta\\\/\"]}]},{\"@type\":\"ImageObject\",\"inLanguage\":\"en-US\",\"@id\":\"https:\\\/\\\/www.czuns.org\\\/medunarodna-dokumenta\\\/#primaryimage\",\"url\":\"http:\\\/\\\/www.czuns.org\\\/wp-content\\\/uploads\\\/2016\\\/12\\\/word-document.png\",\"contentUrl\":\"http:\\\/\\\/www.czuns.org\\\/wp-content\\\/uploads\\\/2016\\\/12\\\/word-document.png\"},{\"@type\":\"BreadcrumbList\",\"@id\":\"https:\\\/\\\/www.czuns.org\\\/medunarodna-dokumenta\\\/#breadcrumb\",\"itemListElement\":[{\"@type\":\"ListItem\",\"position\":1,\"name\":\"\u041f\u043e\u0447\u0435\u0442\u043d\u0430\",\"item\":\"https:\\\/\\\/www.czuns.org\\\/\"},{\"@type\":\"ListItem\",\"position\":2,\"name\":\"Me\u0111unarodna dokumenta\"}]},{\"@type\":\"WebSite\",\"@id\":\"https:\\\/\\\/www.czuns.org\\\/#website\",\"url\":\"https:\\\/\\\/www.czuns.org\\\/\",\"name\":\"Centar \u017diveti uspravno Novi Sad\",\"description\":\"[:rs]Prete\u017ena delatnost Centra je 8899 ostali vidovi socijalne za\u0161tite bez sme\u0161taja[:en] Centre&#039;s registered  predominant activity is 8899: other social services except for accommodation[:sr]\u041f\u0440\u0435\u0442\u0435\u0436\u043d\u0430 \u0434\u0435\u043b\u0430\u0442\u043d\u043e\u0441\u0442 \u0426\u0435\u043d\u0442\u0440\u0430 \u0458\u0435 \u043f\u0440\u043e\u0434\u0443\u043a\u0446\u0438\u0458\u0430 \u043c\u0435\u0434\u0438\u0458\u0441\u043a\u043e\u0433 \u0438 \u0444\u0438\u043b\u043c\u0441\u043a\u043e\u0433 \u043c\u0430\u0442\u0435\u0438\u0458\u0430\u043b\u0430 \u043e \u043f\u043e\u043b\u043e\u0436\u0430\u0458\u0443 \u043e\u0441\u043e\u0431\u0430 \u0441\u0430 \u0438\u043d\u0432\u0430\u043b\u0438\u0434\u0438\u0442\u0435\u0442\u043e\u043c \u0438 \u0433\u0440\u0430\u0452\u0430\u043d\u0441\u043a\u0438\u043c \u043f\u0440\u0430\u0432\u0438\u043c\u0430.[:]\",\"publisher\":{\"@id\":\"https:\\\/\\\/www.czuns.org\\\/#organization\"},\"potentialAction\":[{\"@type\":\"SearchAction\",\"target\":{\"@type\":\"EntryPoint\",\"urlTemplate\":\"https:\\\/\\\/www.czuns.org\\\/?s={search_term_string}\"},\"query-input\":{\"@type\":\"PropertyValueSpecification\",\"valueRequired\":true,\"valueName\":\"search_term_string\"}}],\"inLanguage\":\"en-US\"},{\"@type\":\"Organization\",\"@id\":\"https:\\\/\\\/www.czuns.org\\\/#organization\",\"name\":\"Centar \u017diveti uspravno Novi Sad\",\"url\":\"https:\\\/\\\/www.czuns.org\\\/\",\"logo\":{\"@type\":\"ImageObject\",\"inLanguage\":\"en-US\",\"@id\":\"https:\\\/\\\/www.czuns.org\\\/#\\\/schema\\\/logo\\\/image\\\/\",\"url\":\"https:\\\/\\\/www.czuns.org\\\/wp-content\\\/uploads\\\/2020\\\/07\\\/czu_logo.png\",\"contentUrl\":\"https:\\\/\\\/www.czuns.org\\\/wp-content\\\/uploads\\\/2020\\\/07\\\/czu_logo.png\",\"width\":871,\"height\":315,\"caption\":\"Centar \u017diveti uspravno Novi Sad\"},\"image\":{\"@id\":\"https:\\\/\\\/www.czuns.org\\\/#\\\/schema\\\/logo\\\/image\\\/\"},\"sameAs\":[\"https:\\\/\\\/www.facebook.com\\\/profile.php?id=100064645570972\",\"https:\\\/\\\/x.com\\\/uspravno\",\"https:\\\/\\\/www.instagram.com\\\/centar.ziveti.uspravno\\\/\"]},{\"@type\":\"Person\",\"@id\":\"https:\\\/\\\/www.czuns.org\\\/#\\\/schema\\\/person\\\/9a3e8e6f0bb0b4122d0a6181b3f52add\",\"name\":\"tatasajta\",\"image\":{\"@type\":\"ImageObject\",\"inLanguage\":\"en-US\",\"@id\":\"https:\\\/\\\/secure.gravatar.com\\\/avatar\\\/ce3953cd488f779ad9dc53c408bb7cbfafde3991c16c65601e3aab8e76f6cb2f?s=96&d=mm&r=g\",\"url\":\"https:\\\/\\\/secure.gravatar.com\\\/avatar\\\/ce3953cd488f779ad9dc53c408bb7cbfafde3991c16c65601e3aab8e76f6cb2f?s=96&d=mm&r=g\",\"contentUrl\":\"https:\\\/\\\/secure.gravatar.com\\\/avatar\\\/ce3953cd488f779ad9dc53c408bb7cbfafde3991c16c65601e3aab8e76f6cb2f?s=96&d=mm&r=g\",\"caption\":\"tatasajta\"},\"url\":\"https:\\\/\\\/www.czuns.org\\\/en\\\/author\\\/tatasajta\\\/\"}]}<\/script>\n","yoast_head_json":{"title":"[:rs]Me\u0111unarodna dokumenta[:en]International documents[:sr]\u041c\u0435\u0452\u0443\u043d\u0430\u0440\u043e\u0434\u043d\u0430 \u0434\u043e\u043a\u0443\u043c\u0435\u043d\u0442\u0430[:] - Centre LIVING UPRIGHT Novi Sad","robots":{"index":"index","follow":"follow","max-snippet":"max-snippet:-1","max-image-preview":"max-image-preview:large","max-video-preview":"max-video-preview:-1"},"canonical":"https:\/\/www.czuns.org\/medunarodna-dokumenta\/","og_locale":"en_US","og_type":"article","og_title":"[:rs]Me\u0111unarodna dokumenta[:en]International documents[:sr]\u041c\u0435\u0452\u0443\u043d\u0430\u0440\u043e\u0434\u043d\u0430 \u0434\u043e\u043a\u0443\u043c\u0435\u043d\u0442\u0430[:] - Centre LIVING UPRIGHT Novi Sad","og_description":"Convention on the Rights of Persons with Disabilities The EIDD Stockholm Declaration\u00a9 Resolution ResAP(2007)3 \u201cAchieving full participation through Universal Design\u201d Edf guidance paper on the implementation of eu public procurement directives Ceo \u010dlanak","og_url":"https:\/\/www.czuns.org\/medunarodna-dokumenta\/","og_site_name":"Centre LIVING UPRIGHT Novi Sad","article_publisher":"https:\/\/www.facebook.com\/profile.php?id=100064645570972","article_modified_time":"2025-09-16T13:08:46+00:00","og_image":[{"width":30,"height":30,"url":"https:\/\/www.czuns.org\/wp-content\/uploads\/2016\/12\/word-document.png","type":"image\/png"}],"twitter_card":"summary_large_image","twitter_site":"@uspravno","twitter_misc":{"Est. reading time":"4 minutes"},"schema":{"@context":"https:\/\/schema.org","@graph":[{"@type":"Article","@id":"https:\/\/www.czuns.org\/medunarodna-dokumenta\/#article","isPartOf":{"@id":"https:\/\/www.czuns.org\/medunarodna-dokumenta\/"},"author":{"name":"tatasajta","@id":"https:\/\/www.czuns.org\/#\/schema\/person\/9a3e8e6f0bb0b4122d0a6181b3f52add"},"headline":"International documents","datePublished":"2016-12-03T13:24:17+00:00","dateModified":"2025-09-16T13:08:46+00:00","mainEntityOfPage":{"@id":"https:\/\/www.czuns.org\/medunarodna-dokumenta\/"},"wordCount":142,"publisher":{"@id":"https:\/\/www.czuns.org\/#organization"},"image":{"@id":"https:\/\/www.czuns.org\/medunarodna-dokumenta\/#primaryimage"},"thumbnailUrl":"http:\/\/www.czuns.org\/wp-content\/uploads\/2016\/12\/word-document.png","articleSection":["Edukacija"],"inLanguage":"en-US"},{"@type":"WebPage","@id":"https:\/\/www.czuns.org\/medunarodna-dokumenta\/","url":"https:\/\/www.czuns.org\/medunarodna-dokumenta\/","name":"[:rs]Me\u0111unarodna dokumenta[:en]International documents[:sr]\u041c\u0435\u0452\u0443\u043d\u0430\u0440\u043e\u0434\u043d\u0430 \u0434\u043e\u043a\u0443\u043c\u0435\u043d\u0442\u0430[:] - Centre LIVING UPRIGHT Novi Sad","isPartOf":{"@id":"https:\/\/www.czuns.org\/#website"},"primaryImageOfPage":{"@id":"https:\/\/www.czuns.org\/medunarodna-dokumenta\/#primaryimage"},"image":{"@id":"https:\/\/www.czuns.org\/medunarodna-dokumenta\/#primaryimage"},"thumbnailUrl":"http:\/\/www.czuns.org\/wp-content\/uploads\/2016\/12\/word-document.png","datePublished":"2016-12-03T13:24:17+00:00","dateModified":"2025-09-16T13:08:46+00:00","breadcrumb":{"@id":"https:\/\/www.czuns.org\/medunarodna-dokumenta\/#breadcrumb"},"inLanguage":"en-US","potentialAction":[{"@type":"ReadAction","target":["https:\/\/www.czuns.org\/medunarodna-dokumenta\/"]}]},{"@type":"ImageObject","inLanguage":"en-US","@id":"https:\/\/www.czuns.org\/medunarodna-dokumenta\/#primaryimage","url":"http:\/\/www.czuns.org\/wp-content\/uploads\/2016\/12\/word-document.png","contentUrl":"http:\/\/www.czuns.org\/wp-content\/uploads\/2016\/12\/word-document.png"},{"@type":"BreadcrumbList","@id":"https:\/\/www.czuns.org\/medunarodna-dokumenta\/#breadcrumb","itemListElement":[{"@type":"ListItem","position":1,"name":"\u041f\u043e\u0447\u0435\u0442\u043d\u0430","item":"https:\/\/www.czuns.org\/"},{"@type":"ListItem","position":2,"name":"Me\u0111unarodna dokumenta"}]},{"@type":"WebSite","@id":"https:\/\/www.czuns.org\/#website","url":"https:\/\/www.czuns.org\/","name":"Centar \u017diveti uspravno Novi Sad","description":"[:rs]Prete\u017ena delatnost Centra je 8899 ostali vidovi socijalne za\u0161tite bez sme\u0161taja[:en] Centre&#039;s registered predominant activity is 8899: other social services except for accommodation[:sr]\u041f\u0440\u0435\u0442\u0435\u0436\u043d\u0430 \u0434\u0435\u043b\u0430\u0442\u043d\u043e\u0441\u0442 \u0426\u0435\u043d\u0442\u0440\u0430 \u0458\u0435 \u043f\u0440\u043e\u0434\u0443\u043a\u0446\u0438\u0458\u0430 \u043c\u0435\u0434\u0438\u0458\u0441\u043a\u043e\u0433 \u0438 \u0444\u0438\u043b\u043c\u0441\u043a\u043e\u0433 \u043c\u0430\u0442\u0435\u0438\u0458\u0430\u043b\u0430 \u043e \u043f\u043e\u043b\u043e\u0436\u0430\u0458\u0443 \u043e\u0441\u043e\u0431\u0430 \u0441\u0430 \u0438\u043d\u0432\u0430\u043b\u0438\u0434\u0438\u0442\u0435\u0442\u043e\u043c \u0438 \u0433\u0440\u0430\u0452\u0430\u043d\u0441\u043a\u0438\u043c \u043f\u0440\u0430\u0432\u0438\u043c\u0430.[:]","publisher":{"@id":"https:\/\/www.czuns.org\/#organization"},"potentialAction":[{"@type":"SearchAction","target":{"@type":"EntryPoint","urlTemplate":"https:\/\/www.czuns.org\/?s={search_term_string}"},"query-input":{"@type":"PropertyValueSpecification","valueRequired":true,"valueName":"search_term_string"}}],"inLanguage":"en-US"},{"@type":"Organization","@id":"https:\/\/www.czuns.org\/#organization","name":"Centar \u017diveti uspravno Novi Sad","url":"https:\/\/www.czuns.org\/","logo":{"@type":"ImageObject","inLanguage":"en-US","@id":"https:\/\/www.czuns.org\/#\/schema\/logo\/image\/","url":"https:\/\/www.czuns.org\/wp-content\/uploads\/2020\/07\/czu_logo.png","contentUrl":"https:\/\/www.czuns.org\/wp-content\/uploads\/2020\/07\/czu_logo.png","width":871,"height":315,"caption":"Centar \u017diveti uspravno Novi Sad"},"image":{"@id":"https:\/\/www.czuns.org\/#\/schema\/logo\/image\/"},"sameAs":["https:\/\/www.facebook.com\/profile.php?id=100064645570972","https:\/\/x.com\/uspravno","https:\/\/www.instagram.com\/centar.ziveti.uspravno\/"]},{"@type":"Person","@id":"https:\/\/www.czuns.org\/#\/schema\/person\/9a3e8e6f0bb0b4122d0a6181b3f52add","name":"tatasajta","image":{"@type":"ImageObject","inLanguage":"en-US","@id":"https:\/\/secure.gravatar.com\/avatar\/ce3953cd488f779ad9dc53c408bb7cbfafde3991c16c65601e3aab8e76f6cb2f?s=96&d=mm&r=g","url":"https:\/\/secure.gravatar.com\/avatar\/ce3953cd488f779ad9dc53c408bb7cbfafde3991c16c65601e3aab8e76f6cb2f?s=96&d=mm&r=g","contentUrl":"https:\/\/secure.gravatar.com\/avatar\/ce3953cd488f779ad9dc53c408bb7cbfafde3991c16c65601e3aab8e76f6cb2f?s=96&d=mm&r=g","caption":"tatasajta"},"url":"https:\/\/www.czuns.org\/en\/author\/tatasajta\/"}]}},"_links":{"self":[{"href":"https:\/\/www.czuns.org\/en\/wp-json\/wp\/v2\/pages\/75","targetHints":{"allow":["GET"]}}],"collection":[{"href":"https:\/\/www.czuns.org\/en\/wp-json\/wp\/v2\/pages"}],"about":[{"href":"https:\/\/www.czuns.org\/en\/wp-json\/wp\/v2\/types\/page"}],"author":[{"embeddable":true,"href":"https:\/\/www.czuns.org\/en\/wp-json\/wp\/v2\/users\/1314"}],"replies":[{"embeddable":true,"href":"https:\/\/www.czuns.org\/en\/wp-json\/wp\/v2\/comments?post=75"}],"version-history":[{"count":3,"href":"https:\/\/www.czuns.org\/en\/wp-json\/wp\/v2\/pages\/75\/revisions"}],"predecessor-version":[{"id":9858,"href":"https:\/\/www.czuns.org\/en\/wp-json\/wp\/v2\/pages\/75\/revisions\/9858"}],"wp:attachment":[{"href":"https:\/\/www.czuns.org\/en\/wp-json\/wp\/v2\/media?parent=75"}],"wp:term":[{"taxonomy":"category","embeddable":true,"href":"https:\/\/www.czuns.org\/en\/wp-json\/wp\/v2\/categories?post=75"},{"taxonomy":"post_tag","embeddable":true,"href":"https:\/\/www.czuns.org\/en\/wp-json\/wp\/v2\/tags?post=75"}],"curies":[{"name":"wp","href":"https:\/\/api.w.org\/{rel}","templated":true}]}}